{"version":"1.0","provider_name":"Ventana | EBC","provider_url":"https:\/\/www.ebc.mx\/ventana","author_name":"Administrador","author_url":"https:\/\/www.ebc.mx\/ventana\/author\/4dm1nv3ntan42023\/","title":"Campus CDMX Sur - Ventana | EBC","type":"rich","width":600,"height":338,"html":"<blockquote class=\"wp-embedded-content\" data-secret=\"ef7DDiv1nB\"><a href=\"https:\/\/www.ebc.mx\/ventana\/inauguracion-campus-sur-cdmx-ebc\/\">Campus CDMX Sur<\/a><\/blockquote><iframe sandbox=\"allow-scripts\" security=\"restricted\" src=\"https:\/\/www.ebc.mx\/ventana\/inauguracion-campus-sur-cdmx-ebc\/embed\/#?secret=ef7DDiv1nB\" width=\"600\" height=\"338\" title=\"&#8220;Campus CDMX Sur&#8221; &#8212; Ventana | EBC\" data-secret=\"ef7DDiv1nB\" frameborder=\"0\" marginwidth=\"0\" marginheight=\"0\" scrolling=\"no\" class=\"wp-embedded-content\"><\/iframe><script>\n\/*! This file is auto-generated *\/\n!function(d,l){\"use strict\";l.querySelector&&d.addEventListener&&\"undefined\"!=typeof URL&&(d.wp=d.wp||{},d.wp.receiveEmbedMessage||(d.wp.receiveEmbedMessage=function(e){var t=e.data;if((t||t.secret||t.message||t.value)&&!\/[^a-zA-Z0-9]\/.test(t.secret)){for(var s,r,n,a=l.querySelectorAll('iframe[data-secret=\"'+t.secret+'\"]'),o=l.querySelectorAll('blockquote[data-secret=\"'+t.secret+'\"]'),c=new RegExp(\"^https?:$\",\"i\"),i=0;i<o.length;i++)o[i].style.display=\"none\";for(i=0;i<a.length;i++)s=a[i],e.source===s.contentWindow&&(s.removeAttribute(\"style\"),\"height\"===t.message?(1e3<(r=parseInt(t.value,10))?r=1e3:~~r<200&&(r=200),s.height=r):\"link\"===t.message&&(r=new URL(s.getAttribute(\"src\")),n=new URL(t.value),c.test(n.protocol))&&n.host===r.host&&l.activeElement===s&&(d.top.location.href=t.value))}},d.addEventListener(\"message\",d.wp.receiveEmbedMessage,!1),l.addEventListener(\"DOMContentLoaded\",function(){for(var e,t,s=l.querySelectorAll(\"iframe.wp-embedded-content\"),r=0;r<s.length;r++)(t=(e=s[r]).getAttribute(\"data-secret\"))||(t=Math.random().toString(36).substring(2,12),e.src+=\"#?secret=\"+t,e.setAttribute(\"data-secret\",t)),e.contentWindow.postMessage({message:\"ready\",secret:t},\"*\")},!1)))}(window,document);\n\/\/# sourceURL=https:\/\/www.ebc.mx\/ventana\/wp-includes\/js\/wp-embed.min.js\n<\/script>\n","thumbnail_url":"https:\/\/www.ebc.mx\/ventana\/wp-content\/uploads\/2024\/02\/P3-min.jpg","thumbnail_width":1100,"thumbnail_height":700,"description":"Tiempo de lectura: 3 minutos Autor: Agust\u00edn Aguilar Tagle Coordinador de Patrimonio Cultural Escuela Bancaria y Comercial Casa de Rector\u00eda El compromiso de alcanzar las alturas El 28 de septiembre quedar\u00e1 grabado en la historia de la Escuela de Negocios de M\u00e9xico (EBC) como el d\u00eda en que nuestro ambicioso d\u00e9cimo tercer campus abri\u00f3 sus&hellip;"}